{"id":997,"date":"2022-09-01T14:22:21","date_gmt":"2022-09-01T12:22:21","guid":{"rendered":"https:\/\/www.polmarterre.fr\/?page_id=997"},"modified":"2022-09-01T14:22:21","modified_gmt":"2022-09-01T12:22:21","slug":"les-acteurs-polmar-terre","status":"publish","type":"page","link":"https:\/\/www.polmarterre.fr\/index.php\/les-acteurs-polmar-terre\/","title":{"rendered":"Les acteurs POLMAR-Terre"},"content":{"rendered":"\n<p>Un correspondant Polmar-Terre par d\u00e9partement du littoral.<\/p>\n<table style=\"border-collapse: collapse; width: 100%; height: 303px;\">\n<tbody>\n<tr style=\"height: 303px;\">\n<td style=\"width: 50%; height: 303px;\"><img loading=\"lazy\" decoding=\"async\" class=\"size-medium wp-image-998 aligncenter\" src=\"https:\/\/www.polmarterre.fr\/wp-content\/uploads\/acteurs_2-292x300.jpg\" alt=\"\" width=\"292\" height=\"300\" srcset=\"https:\/\/www.polmarterre.fr\/wp-content\/uploads\/acteurs_2-292x300.jpg 292w, https:\/\/www.polmarterre.fr\/wp-content\/uploads\/acteurs_2.jpg 381w\" sizes=\"auto, (max-width: 292px) 100vw, 292px\" \/><\/td>\n<td style=\"width: 50%; height: 303px;\"><img loading=\"lazy\" decoding=\"async\" class=\"size-medium wp-image-999 aligncenter\" src=\"https:\/\/www.polmarterre.fr\/wp-content\/uploads\/acteurs_3-300x298.jpg\" alt=\"\" width=\"300\" height=\"298\" srcset=\"https:\/\/www.polmarterre.fr\/wp-content\/uploads\/acteurs_3-300x298.jpg 300w, https:\/\/www.polmarterre.fr\/wp-content\/uploads\/acteurs_3-150x150.jpg 150w, https:\/\/www.polmarterre.fr\/wp-content\/uploads\/acteurs_3-180x180.jpg 180w, https:\/\/www.polmarterre.fr\/wp-content\/uploads\/acteurs_3.jpg 650w\" sizes=\"auto, (max-width: 300px) 100vw, 300px\" \/><\/td>\n<\/tr>\n<\/tbody>\n<\/table>\n<h2>Le correspondant d\u00e9partemental<\/h2>\n<p>Un correspondant Polmar-Terre par d\u00e9partement&nbsp;: <strong>DDTM, DM ou DTAM<\/strong><\/p>\n<p>Sa mission consiste \u00e0&nbsp;:<\/p>\n<ul style=\"list-style-type: disc;\">\n<li>\u00catre l\u2019interlocuteur de l\u2019administration centrale et de la Pr\u00e9fecture en cas de crise et hors crise,<\/li>\n<li>Veiller \u00e0 la r\u00e9vision du plan Orsec Polmar-Terre,<\/li>\n<li>Veiller \u00e0 la r\u00e9gularit\u00e9 des exercices et \u00e0 la mise en place des formations,<\/li>\n<li>En cas de pollutions de petites et moyennes ampleurs, conseiller les collectivit\u00e9s sur les mesures \u00e0 prendre, participer \u00e0 la coordination des op\u00e9rations, faire le lien avec les organismes experts.<\/li>\n<\/ul>\n<h2>Les Zones de D\u00e9fense civile<\/h2>\n<p><img loading=\"lazy\" decoding=\"async\" class=\"alignnone size-medium wp-image-1004 aligncenter\" src=\"https:\/\/www.polmarterre.fr\/wp-content\/uploads\/acteurs_4-300x300.jpg\" alt=\"\" width=\"300\" height=\"300\" srcset=\"https:\/\/www.polmarterre.fr\/wp-content\/uploads\/acteurs_4-300x300.jpg 300w, https:\/\/www.polmarterre.fr\/wp-content\/uploads\/acteurs_4-150x150.jpg 150w, https:\/\/www.polmarterre.fr\/wp-content\/uploads\/acteurs_4-768x768.jpg 768w, https:\/\/www.polmarterre.fr\/wp-content\/uploads\/acteurs_4-180x180.jpg 180w, https:\/\/www.polmarterre.fr\/wp-content\/uploads\/acteurs_4.jpg 801w\" sizes=\"auto, (max-width: 300px) 100vw, 300px\" \/><\/p>\n<p>&nbsp;<\/p>\n<h2>La DREAL de zone (D\u00e9l\u00e9gu\u00e9 Minist\u00e9riel de Zone)&nbsp;:<\/h2>\n<ul>\n<li>Sous autorit\u00e9 du pr\u00e9fet de zone<\/li>\n<li>Repr\u00e9sente les minist\u00e8res (environnement et logement) au niveau zonal,<\/li>\n<li>Conseille le pr\u00e9fet de zone dans le champ de comp\u00e9tence du minist\u00e8re, pour tout ce qui est pr\u00e9paration \/ gestion \/ retex d\u2019un \u00e9v\u00e9nement,<\/li>\n<li>Recueille les informations aupr\u00e8s des services d\u00e9concentr\u00e9s et des op\u00e9rateurs sous tutelle des minist\u00e8res,<\/li>\n<li><span style=\"color: #317dd4;\">Coordination entre les d\u00e9partements et la mer<\/span><\/li>\n<li><span style=\"color: #317dd4;\">Plan POLMAR de zone<\/span><\/li>\n<li><span style=\"color: #317dd4;\">March\u00e9s par anticipation<\/span><\/li>\n<\/ul>\n<h2>Le P\u00f4le National d\u2019Expertise POLMAR-Terre<\/h2>\n<p>Conseiller technique de la <strong>DG AMPA<\/strong> sur le dispositif Polmar-Terre<\/p>\n<ul>\n<li>l\u2019animation du r\u00e9seau des acteurs POLMAR-Terre<\/li>\n<li>la d\u00e9finition du programme budg\u00e9taire annuel et l\u2019acquisition centralis\u00e9e des nouveaux mat\u00e9riels antipollution,<\/li>\n<li>l\u2019assistance m\u00e9thodologique pour l\u2019\u00e9laboration des plans Orsec Polmar-Terre,<\/li>\n<li>l\u2019assistance \u00e0 la formation des personnels sur le terrain,<\/li>\n<li>les \u00e9tudes et recherches destin\u00e9es \u00e0 am\u00e9liorer les mat\u00e9riels et les techniques de lutte,<\/li>\n<li>tenue \u00e0 jour du listing des mat\u00e9riels et \u00e9laboration de fiches techniques d\u2019utilisation,<\/li>\n<li>conseil et expertise aupr\u00e8s des DDTM (ou DM) et des DREAL (ou DEAL) en cas de crise<\/li>\n<\/ul>\n<h2>Le Cedre<\/h2>\n<h4>Centre de documentation, de recherche et d\u2019exp\u00e9rimentation sur les pollutions accidentelles des eaux<\/h4>\n<ul>\n<li>Organisme responsable des \u00e9tudes et de la documentation concernant les produits polluants et leurs effets, ainsi que des m\u00e9thodes et moyens pour les combattre<\/li>\n<li>Mission de service public subventionn\u00e9e par le minist\u00e8re de la Transition \u00c9cologique, assistance 24\/24h<\/li>\n<\/ul>\n<p>&nbsp;<\/p>\n","protected":false},"excerpt":{"rendered":"<p>Un correspondant Polmar-Terre par d\u00e9partement du littoral. Le correspondant d\u00e9partemental Un correspondant Polmar-Terre par d\u00e9partement&nbsp;: DDTM, DM ou DTAM Sa mission consiste \u00e0&nbsp;: \u00catre l\u2019interlocuteur de l\u2019administration centrale et de la Pr\u00e9fecture en cas de crise et hors crise, Veiller \u00e0 la r\u00e9vision du plan Orsec Polmar-Terre, Veiller \u00e0 la r\u00e9gularit\u00e9 des exercices et \u00e0&hellip; <a href=\"https:\/\/www.polmarterre.fr\/index.php\/les-acteurs-polmar-terre\/\" class=\"more-link\">Lire la suite <span class=\"screen-reader-text\">Les acteurs POLMAR-Terre<\/span><\/a><\/p>\n","protected":false},"author":1,"featured_media":0,"parent":0,"menu_order":0,"comment_status":"closed","ping_status":"closed","template":"templates\/full-width-page.php","meta":{"footnotes":""},"class_list":["post-997","page","type-page","status-publish","hentry","without-featured-image"],"_links":{"self":[{"href":"https:\/\/www.polmarterre.fr\/index.php\/wp-json\/wp\/v2\/pages\/997","targetHints":{"allow":["GET"]}}],"collection":[{"href":"https:\/\/www.polmarterre.fr\/index.php\/wp-json\/wp\/v2\/pages"}],"about":[{"href":"https:\/\/www.polmarterre.fr\/index.php\/wp-json\/wp\/v2\/types\/page"}],"author":[{"embeddable":true,"href":"https:\/\/www.polmarterre.fr\/index.php\/wp-json\/wp\/v2\/users\/1"}],"replies":[{"embeddable":true,"href":"https:\/\/www.polmarterre.fr\/index.php\/wp-json\/wp\/v2\/comments?post=997"}],"version-history":[{"count":8,"href":"https:\/\/www.polmarterre.fr\/index.php\/wp-json\/wp\/v2\/pages\/997\/revisions"}],"predecessor-version":[{"id":1241,"href":"https:\/\/www.polmarterre.fr\/index.php\/wp-json\/wp\/v2\/pages\/997\/revisions\/1241"}],"wp:attachment":[{"href":"https:\/\/www.polmarterre.fr\/index.php\/wp-json\/wp\/v2\/media?parent=997"}],"curies":[{"name":"wp","href":"https:\/\/api.w.org\/{rel}","templated":true}]}}