{"id":371,"date":"2022-01-27T12:09:17","date_gmt":"2022-01-27T11:09:17","guid":{"rendered":"http:\/\/yzncjip.cluster031.hosting.ovh.net\/?page_id=371"},"modified":"2022-09-01T16:52:43","modified_gmt":"2022-09-01T14:52:43","slug":"centre-de-saint-pierre-et-miquelon","status":"publish","type":"page","link":"https:\/\/www.polmarterre.fr\/index.php\/centre-de-saint-pierre-et-miquelon\/","title":{"rendered":"Centre de Saint Pierre et Miquelon"},"content":{"rendered":"\n<p><span style=\"font-family: arial, helvetica, sans-serif;\"><b>Coordonn\u00e9es du centre de Saint Pierre et Miquelon<\/b><\/span><\/p>\n<h4 class=\"western\"><span style=\"font-family: arial, helvetica, sans-serif;\"><b>Chef du Centre<\/b><\/span><\/h4>\n<p style=\"padding-left: 40px;\"><span style=\"font-family: arial, helvetica, sans-serif;\"><span style=\"color: #0000ff;\"><b>D<\/b><\/span>irection des\u00a0<span style=\"color: #0000ff;\"><b>T<\/b><\/span>erritoires, de l\u2019<span style=\"color: #0000ff;\"><b>A<\/b><\/span>limentation et de la\u00a0<span style=\"color: #0000ff;\"><b>M<\/b><\/span>er<\/span><\/p>\n<p style=\"padding-left: 40px;\"><span style=\"font-family: arial, helvetica, sans-serif;\"><b>Subdivision Maritime<\/b><\/span><br \/><span style=\"font-family: arial, helvetica, sans-serif;\">Quai de l\u2019Alysse<\/span><br \/><span style=\"font-family: arial, helvetica, sans-serif;\">BP 4217<\/span><br \/><span style=\"font-family: arial, helvetica, sans-serif;\">97500 SAINT-PIERRE-et-MIQUELON<\/span><br \/><span style=\"font-family: arial, helvetica, sans-serif;\">T\u00e9l : 05 08 41 09 72<\/span><\/p>\n<h4 class=\"western\"><span style=\"font-family: arial, helvetica, sans-serif;\"><strong>Responsable Technique<\/strong><\/span><\/h4>\n<p style=\"padding-left: 40px;\"><span style=\"font-family: arial, helvetica, sans-serif;\"><b>Centre de Stockage et d\u2019Intervention<\/b><\/span><br \/><span style=\"font-family: arial, helvetica, sans-serif;\">Atelier quai<\/span><br \/><span style=\"font-family: arial, helvetica, sans-serif;\">Quai du commerce<\/span><br \/><span style=\"font-family: arial, helvetica, sans-serif;\">BP 4217<\/span><br \/><span style=\"font-family: arial, helvetica, sans-serif;\">97500 SAINT-PIERRE-et-MIQUELON<\/span><br \/><span style=\"font-family: arial, helvetica, sans-serif;\">T\u00e9l : 05 08 41 45 89<\/span><\/p>\n<p><span style=\"font-family: arial, helvetica, sans-serif;\"><a href=\"https:\/\/www.polmarterre.fr\/index.php\/references-des-plans-orsec-polmar-terre-saint-pierre-et-miquelon\/\" rel=\"noopener\"><b>R\u00e9f\u00e9rences des plans Orsec\/ Polmar terre\u00a0: Saint Pierre et Miquelon<\/b><\/a><\/span><\/p>\n<p class=\"western\"><span style=\"font-family: arial, helvetica, sans-serif;\"><a href=\"https:\/\/www.polmarterre.fr\/index.php\/exercices-organises-par-le-centre-de-saint-pierre-et-miquelon\/\" rel=\"noopener\"><strong>Exercices organis\u00e9s avec le centre de stockage de Saint Pierre et Miquelon<\/strong><\/a><\/span><\/p>\n","protected":false},"excerpt":{"rendered":"<p>Coordonn\u00e9es du centre de Saint Pierre et Miquelon Chef du Centre Direction des\u00a0Territoires, de l\u2019Alimentation et de la\u00a0Mer Subdivision MaritimeQuai de l\u2019AlysseBP 421797500 SAINT-PIERRE-et-MIQUELONT\u00e9l : 05 08 41 09 72 Responsable Technique Centre de Stockage et d\u2019InterventionAtelier quaiQuai du commerceBP 421797500 SAINT-PIERRE-et-MIQUELONT\u00e9l : 05 08 41 45 89 R\u00e9f\u00e9rences des plans Orsec\/ Polmar terre\u00a0: Saint&hellip; <a href=\"https:\/\/www.polmarterre.fr\/index.php\/centre-de-saint-pierre-et-miquelon\/\" class=\"more-link\">Lire la suite <span class=\"screen-reader-text\">Centre de Saint Pierre et Miquelon<\/span><\/a><\/p>\n","protected":false},"author":1,"featured_media":0,"parent":0,"menu_order":0,"comment_status":"closed","ping_status":"closed","template":"templates\/full-width-page.php","meta":{"footnotes":""},"class_list":["post-371","page","type-page","status-publish","hentry","without-featured-image"],"_links":{"self":[{"href":"https:\/\/www.polmarterre.fr\/index.php\/wp-json\/wp\/v2\/pages\/371","targetHints":{"allow":["GET"]}}],"collection":[{"href":"https:\/\/www.polmarterre.fr\/index.php\/wp-json\/wp\/v2\/pages"}],"about":[{"href":"https:\/\/www.polmarterre.fr\/index.php\/wp-json\/wp\/v2\/types\/page"}],"author":[{"embeddable":true,"href":"https:\/\/www.polmarterre.fr\/index.php\/wp-json\/wp\/v2\/users\/1"}],"replies":[{"embeddable":true,"href":"https:\/\/www.polmarterre.fr\/index.php\/wp-json\/wp\/v2\/comments?post=371"}],"version-history":[{"count":10,"href":"https:\/\/www.polmarterre.fr\/index.php\/wp-json\/wp\/v2\/pages\/371\/revisions"}],"predecessor-version":[{"id":1324,"href":"https:\/\/www.polmarterre.fr\/index.php\/wp-json\/wp\/v2\/pages\/371\/revisions\/1324"}],"wp:attachment":[{"href":"https:\/\/www.polmarterre.fr\/index.php\/wp-json\/wp\/v2\/media?parent=371"}],"curies":[{"name":"wp","href":"https:\/\/api.w.org\/{rel}","templated":true}]}}