{"id":1074,"date":"2022-09-01T14:21:07","date_gmt":"2022-09-01T12:21:07","guid":{"rendered":"https:\/\/www.polmarterre.fr\/?page_id=1074"},"modified":"2023-01-04T15:49:21","modified_gmt":"2023-01-04T14:49:21","slug":"historique","status":"publish","type":"page","link":"https:\/\/www.polmarterre.fr\/index.php\/historique\/","title":{"rendered":"Historique"},"content":{"rendered":"\n<h2>\u00a0<\/h2>\n<table style=\"border-collapse: collapse; width: 100%;\">\n<tbody>\n<tr>\n<td style=\"width: 50%;\">\n<p><span style=\"font-size: 12pt; font-family: arial, helvetica, sans-serif;\"><img loading=\"lazy\" decoding=\"async\" class=\"wp-image-946 alignleft\" src=\"https:\/\/www.polmarterre.fr\/wp-content\/uploads\/image1-300x200.jpg\" alt=\"\" width=\"151\" height=\"101\" srcset=\"https:\/\/www.polmarterre.fr\/wp-content\/uploads\/image1-300x200.jpg 300w, https:\/\/www.polmarterre.fr\/wp-content\/uploads\/image1-360x242.jpg 360w, https:\/\/www.polmarterre.fr\/wp-content\/uploads\/image1.jpg 420w\" sizes=\"auto, (max-width: 151px) 100vw, 151px\" \/>Le plan POLMAR (POLlution MARitime) est un plan d\u2019intervention fran\u00e7ais institu\u00e9 <\/span><span style=\"font-size: 12pt; font-family: arial, helvetica, sans-serif;\">suite \u00e0 la catastrophe de l\u2019Amoco Cadiz sur les c\u00f4tes de Bretagne en 1978.<\/span><\/p>\n<\/td>\n<\/tr>\n<tr>\n<td style=\"width: 50%; vertical-align: middle;\">\n<p><span style=\"font-family: arial, helvetica, sans-serif; font-size: 12pt;\"><img loading=\"lazy\" decoding=\"async\" class=\"size-medium wp-image-947 alignright\" src=\"https:\/\/www.polmarterre.fr\/wp-content\/uploads\/image2-300x150.jpg\" alt=\"\" width=\"300\" height=\"150\" srcset=\"https:\/\/www.polmarterre.fr\/wp-content\/uploads\/image2-300x150.jpg 300w, https:\/\/www.polmarterre.fr\/wp-content\/uploads\/image2-768x384.jpg 768w, https:\/\/www.polmarterre.fr\/wp-content\/uploads\/image2.jpg 1000w\" sizes=\"auto, (max-width: 300px) 100vw, 300px\" \/>Il a pour objectif de coordonner les hommes et de mobiliser les moyens <\/span><span style=\"font-family: arial, helvetica, sans-serif; font-size: 12pt;\">de lutte.<\/span><br \/><span style=\"font-family: arial, helvetica, sans-serif; font-size: 12pt;\">Il se d\u00e9cline en deux volets : marin et terrestre<\/span><\/p>\n<\/td>\n<\/tr>\n<tr>\n<td style=\"width: 50%; vertical-align: middle;\">\n<p><span style=\"font-size: 12pt; font-family: arial, helvetica, sans-serif;\"><img loading=\"lazy\" decoding=\"async\" class=\"wp-image-948 alignleft\" src=\"https:\/\/www.polmarterre.fr\/wp-content\/uploads\/image3-300x208.jpg\" alt=\"\" width=\"179\" height=\"124\" srcset=\"https:\/\/www.polmarterre.fr\/wp-content\/uploads\/image3-300x208.jpg 300w, https:\/\/www.polmarterre.fr\/wp-content\/uploads\/image3.jpg 430w\" sizes=\"auto, (max-width: 179px) 100vw, 179px\" \/>La premi\u00e8re organisation sp\u00e9cifique POLMAR a vu le jour en France en 1970 pour tirer les enseignements de la mar\u00e9e noire provoqu\u00e9e par le TORREY CANYON.<\/span><\/p>\n<p><span style=\"font-size: 12pt; font-family: arial, helvetica, sans-serif;\">La premi\u00e8re instruction POLMAR du Premier ministre de 1970 traitait seulement des mesures d\u2019intervention, en situation de mar\u00e9e noire effective.<\/span><\/p>\n<\/td>\n<\/tr>\n<tr>\n<td style=\"width: 50%; vertical-align: middle;\">\n<p><span style=\"font-family: arial, helvetica, sans-serif; font-size: 12pt;\"><img loading=\"lazy\" decoding=\"async\" class=\"wp-image-949 alignright\" src=\"https:\/\/www.polmarterre.fr\/wp-content\/uploads\/image4-300x197.jpg\" alt=\"\" width=\"215\" height=\"141\" srcset=\"https:\/\/www.polmarterre.fr\/wp-content\/uploads\/image4-300x197.jpg 300w, https:\/\/www.polmarterre.fr\/wp-content\/uploads\/image4.jpg 354w\" sizes=\"auto, (max-width: 215px) 100vw, 215px\" \/>Depuis les instructions ont \u00e9t\u00e9 actualis\u00e9es et compl\u00e9t\u00e9es en fonction des exp\u00e9riences v\u00e9cues (accidents de l\u2019Amoco-Cadiz, de l\u2019Erika, du Prestige\u2026).<\/span><\/p>\n<p>\u00a0<\/p>\n<\/td>\n<\/tr>\n<tr>\n<td style=\"width: 50%; vertical-align: middle;\">\n<p><span style=\"font-size: 12pt; font-family: arial, helvetica, sans-serif;\"><img loading=\"lazy\" decoding=\"async\" class=\"wp-image-950 alignleft\" src=\"https:\/\/www.polmarterre.fr\/wp-content\/uploads\/image5-222x300.jpg\" alt=\"\" width=\"116\" height=\"157\" srcset=\"https:\/\/www.polmarterre.fr\/wp-content\/uploads\/image5-222x300.jpg 222w, https:\/\/www.polmarterre.fr\/wp-content\/uploads\/image5.jpg 253w\" sizes=\"auto, (max-width: 116px) 100vw, 116px\" \/>Elles ne traitent plus seulement d\u2019intervention, mais aussi de pr\u00e9vention<\/span><span style=\"font-size: 12pt; font-family: arial, helvetica, sans-serif;\"> et de \u201cpr\u00e9paration \u00e0 la lutte\u201d : d\u00e8s 1978, il y a obligation pour chaque d\u00e9partement<\/span><span style=\"font-size: 12pt; font-family: arial, helvetica, sans-serif;\"> de se doter d\u2019un plan Polmar-terre.<\/span><\/p>\n<\/td>\n<\/tr>\n<tr>\n<td style=\"width: 50%; vertical-align: middle;\">\n<p><span style=\"font-size: 12pt; font-family: arial, helvetica, sans-serif;\"><img loading=\"lazy\" decoding=\"async\" class=\"wp-image-945 alignright\" src=\"https:\/\/www.polmarterre.fr\/wp-content\/uploads\/image6.jpg\" alt=\"\" width=\"170\" height=\"136\" \/>1978\u00a0: mise en place de mesures pour lutter contre les pollutions\u00a0: <\/span><span style=\"font-size: 12pt; font-family: arial, helvetica, sans-serif;\">CROSS, remorqueurs de haute mer, rails s\u00e9paration trafic, <\/span><span style=\"font-size: 12pt; font-family: arial, helvetica, sans-serif;\">plans POLMAR, centres POLMAR, Cedre&#8230;<\/span><\/p>\n<\/td>\n<\/tr>\n<\/tbody>\n<\/table>\n","protected":false},"excerpt":{"rendered":"<p>\u00a0 Le plan POLMAR (POLlution MARitime) est un plan d\u2019intervention fran\u00e7ais institu\u00e9 suite \u00e0 la catastrophe de l\u2019Amoco Cadiz sur les c\u00f4tes de Bretagne en 1978. Il a pour objectif de coordonner les hommes et de mobiliser les moyens de lutte.Il se d\u00e9cline en deux volets : marin et terrestre La premi\u00e8re organisation sp\u00e9cifique POLMAR&hellip; <a href=\"https:\/\/www.polmarterre.fr\/index.php\/historique\/\" class=\"more-link\">Lire la suite <span class=\"screen-reader-text\">Historique<\/span><\/a><\/p>\n","protected":false},"author":1,"featured_media":0,"parent":0,"menu_order":0,"comment_status":"closed","ping_status":"closed","template":"templates\/full-width-page.php","meta":{"footnotes":""},"class_list":["post-1074","page","type-page","status-publish","hentry","without-featured-image"],"_links":{"self":[{"href":"https:\/\/www.polmarterre.fr\/index.php\/wp-json\/wp\/v2\/pages\/1074","targetHints":{"allow":["GET"]}}],"collection":[{"href":"https:\/\/www.polmarterre.fr\/index.php\/wp-json\/wp\/v2\/pages"}],"about":[{"href":"https:\/\/www.polmarterre.fr\/index.php\/wp-json\/wp\/v2\/types\/page"}],"author":[{"embeddable":true,"href":"https:\/\/www.polmarterre.fr\/index.php\/wp-json\/wp\/v2\/users\/1"}],"replies":[{"embeddable":true,"href":"https:\/\/www.polmarterre.fr\/index.php\/wp-json\/wp\/v2\/comments?post=1074"}],"version-history":[{"count":12,"href":"https:\/\/www.polmarterre.fr\/index.php\/wp-json\/wp\/v2\/pages\/1074\/revisions"}],"predecessor-version":[{"id":1426,"href":"https:\/\/www.polmarterre.fr\/index.php\/wp-json\/wp\/v2\/pages\/1074\/revisions\/1426"}],"wp:attachment":[{"href":"https:\/\/www.polmarterre.fr\/index.php\/wp-json\/wp\/v2\/media?parent=1074"}],"curies":[{"name":"wp","href":"https:\/\/api.w.org\/{rel}","templated":true}]}}